{"id":803,"date":"2020-08-23T17:25:33","date_gmt":"2020-08-23T15:25:33","guid":{"rendered":"https:\/\/www.etadam-pessac.fr\/?page_id=803"},"modified":"2025-05-15T07:16:54","modified_gmt":"2025-05-15T05:16:54","slug":"angelica-de-almeida","status":"publish","type":"page","link":"https:\/\/www.etadam-pessac.fr\/?page_id=803","title":{"rendered":"Angelica De Almeida"},"content":{"rendered":"\n<p style=\"text-align:left\"><img decoding=\"async\" class=\"wp-image-806\" style=\"width: 150px;\" alt=\"\" src=\"https:\/\/www.etadam-pessac.fr\/wp-content\/uploads\/2020\/08\/angelica1-e1598196088494.jpg\"> <a href=\"https:\/\/www.facebook.com\/etadampessac\/posts\/4288604497848213\" target=\"_blank\" rel=\"noreferrer noopener\" aria-label=\" (opens in a new tab)\">Vid\u00e9o interview d&rsquo;Angelica de aout 2020<\/a><\/p>\n\n\n\n<p>Artiste br\u00e9silienne Com\u00e9dienne, Metteur en Sc\u00e8ne, Danseuse et Chor\u00e9graphe. Form\u00e9e en Lettre (Universit\u00e9 F\u00e9d\u00e9ral Du Ceara au Br\u00e9sil) du conservatoire f\u00e9d\u00e9ral d&rsquo;Arts Dramatique C.A.D, (Br\u00e9sil), plusieurs fois prim\u00e9e pour des r\u00f4les de composition, au Br\u00e9sil. Angelica enrichit la troupe de la compagnie Lea, compagnie \u00ab\u00a0Poudre de lune\u00a0\u00bb et la Compagnie Verte , port\u00e9 par son exp\u00e9rience du langage corporel et musical. Son jeu est constamment aliment\u00e9 par un travail profond de construction de personnage et d\u2019\u00e9motions (formation au th\u00e9\u00e2tre du soleil, Br\u00e9sil) et sa qu\u00eate insatiable de recherche d\u2019identit\u00e9 (\u00c9cole Jacques Lecoq). Artiste engag\u00e9e, elle a fait de l\u2019encadrement au pr\u00e8s de l\u2019enfance d\u00e9favoris\u00e9e et pour les Femmes en difficult\u00e9s, par des actions de resocialisation pour lesquelles elle a mis en place des outils d\u2019expression faciales et corporelles. \u00ab Le th\u00e9\u00e2tre et la danse sont les nourritures c\u00e9leste de son corps, qui lui permet des performances physiques exceptionnelles.<\/p>\n\n\n\n<p style=\"text-align:left\">Angelica est actuellement intervenante et metteur en sc\u00e8ne au th\u00e9\u00e2tre en Miettes, et professeur de danse \u00e0 l&rsquo;Ecole de Musique et de danse de Talence, et dans d\u2019autres organismes socio-culturel pour lesquels elle dispense des cours de th\u00e9\u00e2tre aux enfants et aux adultes, elle est aussi chor\u00e9graphe, pour l\u2019association Siembra.                                                  <\/p>\n\n\n\n<p>Ang\u00e9lica dispense des stages de danse et de th\u00e9\u00e2tre, ponctuellement dans plusieurs r\u00e9gions de la France.<br>Ang\u00e9lica prends des cours de percutions pour perfectionner son travail sur sc\u00e8ne, comme com\u00e9dienne et aussi metteur en sc\u00e8ne. Elle accompagne le groupe \u00ab Trio Guara \u00bb depuis 2016 comme danseuse, chanteuse et musicienne sur les festival en France (Festival des culture du Monde) et au Br\u00e9sil.<\/p>\n\n\n\n<p style=\"text-align:right\">                        <img decoding=\"async\" class=\"wp-image-805\" style=\"width: 150px;\" alt=\"\" src=\"https:\/\/www.etadam-pessac.fr\/wp-content\/uploads\/2020\/08\/angelica2.jpg\"><\/p>\n","protected":false},"excerpt":{"rendered":"<p>Vid\u00e9o interview d&rsquo;Angelica de aout 2020 Artiste br\u00e9silienne Com\u00e9dienne, Metteur en Sc\u00e8ne, Danseuse et Chor\u00e9graphe. Form\u00e9e en Lettre (Universit\u00e9 F\u00e9d\u00e9ral Du Ceara au Br\u00e9sil) du conservatoire f\u00e9d\u00e9ral d&rsquo;Arts Dramatique C.A.D, (Br\u00e9sil), plusieurs fois prim\u00e9e pour des r\u00f4les de composition, au&hellip;&nbsp;<a href=\"https:\/\/www.etadam-pessac.fr\/?page_id=803\" class=\"more-link\">Lire la suite<\/a><\/p>\n","protected":false},"author":2,"featured_media":0,"parent":0,"menu_order":0,"comment_status":"closed","ping_status":"closed","template":"","meta":{"ngg_post_thumbnail":0,"footnotes":""},"class_list":["post-803","page","type-page","status-publish","hentry"],"_links":{"self":[{"href":"https:\/\/www.etadam-pessac.fr\/index.php?rest_route=\/wp\/v2\/pages\/803","targetHints":{"allow":["GET"]}}],"collection":[{"href":"https:\/\/www.etadam-pessac.fr\/index.php?rest_route=\/wp\/v2\/pages"}],"about":[{"href":"https:\/\/www.etadam-pessac.fr\/index.php?rest_route=\/wp\/v2\/types\/page"}],"author":[{"embeddable":true,"href":"https:\/\/www.etadam-pessac.fr\/index.php?rest_route=\/wp\/v2\/users\/2"}],"replies":[{"embeddable":true,"href":"https:\/\/www.etadam-pessac.fr\/index.php?rest_route=%2Fwp%2Fv2%2Fcomments&post=803"}],"version-history":[{"count":1,"href":"https:\/\/www.etadam-pessac.fr\/index.php?rest_route=\/wp\/v2\/pages\/803\/revisions"}],"predecessor-version":[{"id":1394,"href":"https:\/\/www.etadam-pessac.fr\/index.php?rest_route=\/wp\/v2\/pages\/803\/revisions\/1394"}],"wp:attachment":[{"href":"https:\/\/www.etadam-pessac.fr\/index.php?rest_route=%2Fwp%2Fv2%2Fmedia&parent=803"}],"curies":[{"name":"wp","href":"https:\/\/api.w.org\/{rel}","templated":true}]}}