{"id":201,"date":"2018-09-05T21:27:10","date_gmt":"2018-09-05T19:27:10","guid":{"rendered":"https:\/\/www.etadam-pessac.fr\/?page_id=201"},"modified":"2025-05-15T07:17:24","modified_gmt":"2025-05-15T05:17:24","slug":"ludovic","status":"publish","type":"page","link":"https:\/\/www.etadam-pessac.fr\/?page_id=201","title":{"rendered":"Ludovic"},"content":{"rendered":"<p>&nbsp;<\/p>\n<p>&#8212; <a href=\"https:\/\/www.facebook.com\/watch\/?v=326055742082017&amp;extid=zzETu0gTbqrN33zk\" target=\"_blank\" rel=\"noopener noreferrer\">Lien pour voir une interview de Ludovic par Etadam en aout 2020.<\/a>&#8212;<\/p>\n<p><b>Com\u00e9dien, p\u00e9dagogue et sc\u00e9nographe<\/b><\/p>\n<p><img loading=\"lazy\" decoding=\"async\" class=\"size-full wp-image-202 alignright\" src=\"https:\/\/www.etadam-pessac.fr\/wp-content\/uploads\/2018\/09\/ludo1.png\" alt=\"\" width=\"122\" height=\"136\"><\/p>\n<p>Le th\u00e9\u00e2tre de Ludovic Privat est un th\u00e9\u00e2tre physique s\u2019inspirant des formes populaires mais \u00e9galement des th\u00e9\u00e2tres asiatiques. Ses influences contemporaines vont de Pina Bausch \u00e0 Peter Brook.<\/p>\n<p>Son univers artistique se fonde sur les croisements des arts et des mondes diff\u00e9rents de l\u2019extr\u00eame sensibilit\u00e9 cin\u00e9matographique de Pedro Almodovar \u00e0 la po\u00e9sie fantastique de Guillaume Del Tauro\u2026De l\u2019ambigu\u00eft\u00e9 des genres avec le marionnettiste Duda Paiva, aux ambiances \u00e9pur\u00e9es des sc\u00e9nographies de Patrice Chereau et \u00e0 l\u2019imaginaire fantasque et magnifique de James Thierr\u00e9e\u2026<\/p>\n<p>&nbsp;<\/p>\n<p>Ludovic se sp\u00e9cialise dans le travail de masque, particuli\u00e8rement les masques balinais et de la Commedia DELL\u2019 ARTE. Il s\u2019initie \u00e9galement \u00e0 l\u2019escrime, maniement des armes et du b\u00e2ton, qu\u2019il pratique assidument et \u00e0 l\u2019art de la cr\u00e9ation de marionnettes port\u00e9es.<\/p>\n<p>&nbsp;<\/p>\n<p><img loading=\"lazy\" decoding=\"async\" class=\"size-full wp-image-203 alignleft\" src=\"https:\/\/www.etadam-pessac.fr\/wp-content\/uploads\/2018\/09\/ludo2.png\" alt=\"\" width=\"94\" height=\"109\"><\/p>\n<p>Ludovic s\u2019int\u00e9resse \u00e9galement au travail dramaturgique. Il a notamment co-\u00e9crit Homocaddicus en 2013, pi\u00e8ce traitant de la folie et du rapport ali\u00e9nant des hommes \u00e0 la soci\u00e9t\u00e9 de consommation. et Planches, une cr\u00e9ation en cours qui s\u2019attaque aux questions du masque social et au rapport complexe entre le metteur en sc\u00e8ne et le com\u00e9dien.<\/p>\n<p>Ses inspirations : Antonin Artaud, Tennessee Williams et Arthur Miller.<\/p>\n<p>Ludovic est \u00e9galement sc\u00e9nographe, il a particip\u00e9 \u00e0 la cr\u00e9ation de plusieurs sc\u00e9nographies pour diverses compagnies de th\u00e9\u00e2tre, notamment la Cie Des Grands Singes de Bordeaux, ETADAM de Pessac, et la Cie LEA.<\/p>\n<p style=\"text-align: center;\"><img loading=\"lazy\" decoding=\"async\" class=\"alignnone size-full wp-image-205\" src=\"https:\/\/www.etadam-pessac.fr\/wp-content\/uploads\/2018\/09\/ludo4.png\" alt=\"\" width=\"84\" height=\"104\"> <img loading=\"lazy\" decoding=\"async\" class=\"alignnone size-full wp-image-204\" src=\"https:\/\/www.etadam-pessac.fr\/wp-content\/uploads\/2018\/09\/ludo3.png\" alt=\"\" width=\"118\" height=\"117\"><\/p>\n<p><u><b>Exp\u00e9rience Professionnelle<\/b><\/u><b> <\/b><\/p>\n<p>&nbsp;<\/p>\n<p><u>Depuis septembre 2015<\/u>&nbsp;:&nbsp;<\/p>\n<ul>\n<li><i><b>enseignant th\u00e9\u00e2tre <\/b><\/i>Lyc\u00e9e Sans Fronti\u00e8re Pessac, et Cie LEA Pessac<\/li>\n<li><i><b>enseignant th\u00e9\u00e2tre<\/b><\/i> Cie Des Grands Singes au Coll\u00e8ge Ste-Anne Le Bouscat et ETADAM Pessac<\/li>\n<\/ul>\n<p>&nbsp;<\/p>\n<p><u><b>Formations et Dipl\u00f4mes<\/b><\/u><\/p>\n<p><u>juillet 2015<\/u>: <i><b>stage Cr\u00e9ation de marionnette port\u00e9e, <\/b><\/i>Compagnie le Liquidambar Talence<\/p>\n<p><u>juillet 2014<\/u>&nbsp;:<i><b> stage masques Commedia dell\u2019 Arte&nbsp;<\/b><\/i>avec Fabio Mangolini Ferrara Italie<\/p>\n<p><u>2013-2014<\/u>:<i><b>&nbsp; Accompagnement \u00e0 la cr\u00e9ation&nbsp; <\/b><\/i>avec Fr\u00e9d\u00e9ric Arp pour <i><b>\u00ab&nbsp;Planches&nbsp;\u00bb<\/b><\/i><\/p>\n<p><u>ao\u00fbt 2013<\/u>&nbsp;: <i><b>stage Le jeu masqu\u00e9&nbsp; <\/b><\/i>avec Fr\u00e9d\u00e9ric Arp<\/p>\n<p><u>1999-2000<\/u><i>&nbsp;<\/i>: <i><b>Licence d\u2019\u00e9tudes th\u00e9\u00e2trales<\/b><\/i>, Bordeaux 3<\/p>\n<p><u>1997-1999<\/u>&nbsp;: <i><b>D.E.U.S.T formation de formateur aux m\u00e9tiers du th\u00e9\u00e2tre<\/b><\/i>, Bordeaux 3<\/p>\n<p><u>1996-1997<\/u>&nbsp;: <i><b>Baccalaur\u00e9at litt\u00e9raire, option lettres et langues<\/b><\/i>, Lyc\u00e9e Max Linder Libourne<\/p>\n<p>&nbsp;<\/p>\n<p><u><b>Cr\u00e9ations<\/b><\/u><\/p>\n<p>&nbsp;<\/p>\n<p>&nbsp;<\/p>\n<p><u>2013- 2018<\/u>:<\/p>\n<ul>\n<li>&nbsp;<i><b>\u00ab&nbsp;Planches&nbsp;\u00bb<\/b><\/i> <i><b>com\u00e9dien\/auteur\/co-metteur en sc\u00e8ne <\/b><\/i>spectacle en cr\u00e9ation<\/li>\n<li>\u00ab&nbsp;Turbulences et petits d\u00e9tails&nbsp;\u00bb Denise Bonal, <i><b>metteur en sc\u00e8ne<\/b><\/i><\/li>\n<li>\u00ab&nbsp;Les Rustres&nbsp;\u00bb C. Goldoni, <i><b>metteur en sc\u00e8ne<\/b><\/i><\/li>\n<li>\u00ab&nbsp;Op\u00e9ra Panique&nbsp;\u00bb A. Jodorowsky, <i><b>metteur en sc\u00e8ne<\/b><\/i><\/li>\n<li>\u00ab&nbsp;Ne nous laissons pas abattre&nbsp;\u00bb I. Oheix, <i><b>metteur en sc\u00e8ne<\/b><\/i><\/li>\n<li>\u00ab&nbsp;Le Grenier de Jean-Baptiste&nbsp;\u00bb d\u2019apr\u00e8s Moli\u00e8re, <i><b>metteur en sc\u00e8ne<\/b><\/i><\/li>\n<li>\u00ab&nbsp;Will\u2019s project&nbsp;\u00bb d\u2019apr\u00e8s W. Shakespeare, <i><b>metteur en sc\u00e8ne<\/b><\/i><\/li>\n<li><i><b>\u00ab&nbsp;Section Th\u00e9\u00e2tre&nbsp;\u00bb,<\/b><\/i> Coll\u00e8ge Ste-Anne Le Bouscat, <i><b>cr\u00e9ateur-enseignant<\/b><\/i><\/li>\n<li>\u00ab&nbsp;Homocaddicus&nbsp;\u00bb cr\u00e9ation collective Bruges, <i><b>com\u00e9dien\/ co-auteur<\/b><\/i><\/li>\n<\/ul>\n<p><u>2012<\/u>&nbsp;:<\/p>\n<ul>\n<li>&#8211; \u00ab&nbsp;N14&nbsp;\u00bb, web s\u00e9rie, <i><b>com\u00e9dien<\/b><\/i><\/li>\n<li>&#8211; \u00ab&nbsp; Ballades au Paradis&nbsp;\u00bb d\u2019apr\u00e8s Sam Shepard, <i><b>com\u00e9dien<\/b><\/i><\/li>\n<\/ul>\n<p><u>2011<\/u>&nbsp;: &#8211; <i><b> <\/b><\/i>\u00ab&nbsp; Fabliaux du Moyen-Age&nbsp;\u00bb Coll\u00e8ge Ste-Anne, <i><b>co-metteur en sc\u00e8ne<\/b><\/i><\/p>\n<p><u>2009- 2010<\/u>&nbsp;: &#8211; \u00ab&nbsp; Emmanuel d\u2019Alzon&nbsp;\u00bb Coll\u00e8ge Ste- Anne<i> <\/i>Le Bouscat, <i><b>co-metteur en sc\u00e8ne<\/b><\/i>&nbsp;<\/p>\n<p><u>2000<\/u>&nbsp;: &#8211; \u00ab&nbsp;Je vins, je vis, je bus&nbsp;\u00bb, Festival des Chantiers de Blaye, <i><b>com\u00e9dien<\/b><\/i><\/p>\n<p><u>1999<\/u>&nbsp;: &#8211; \u00ab&nbsp; La Nuit des Rois&nbsp;\u00bb W. Shakespeare, Festival des Chantiers de Blaye, <i><b>com\u00e9dien<\/b><\/i><\/p>\n<p>&nbsp;<\/p>\n<figure id=\"attachment_206\" aria-describedby=\"caption-attachment-206\" style=\"width: 267px\" class=\"wp-caption aligncenter\"><img loading=\"lazy\" decoding=\"async\" class=\"size-medium wp-image-206\" src=\"https:\/\/www.etadam-pessac.fr\/wp-content\/uploads\/2018\/09\/ludo5-267x300.png\" alt=\"\" width=\"267\" height=\"300\"><figcaption id=\"caption-attachment-206\" class=\"wp-caption-text\">Construction marionnette port\u00e9e&nbsp;: la Valkyrie<\/figcaption><\/figure>\n<p>&nbsp;<\/p>\n<figure id=\"attachment_207\" aria-describedby=\"caption-attachment-207\" style=\"width: 300px\" class=\"wp-caption aligncenter\"><img loading=\"lazy\" decoding=\"async\" class=\"size-medium wp-image-207\" src=\"https:\/\/www.etadam-pessac.fr\/wp-content\/uploads\/2018\/09\/ludo6-300x224.png\" alt=\"\" width=\"300\" height=\"224\"><figcaption id=\"caption-attachment-207\" class=\"wp-caption-text\">Norma in \u00ab&nbsp;Planches&nbsp;\u00bb<\/figcaption><\/figure>\n","protected":false},"excerpt":{"rendered":"<p>&nbsp; &#8212; Lien pour voir une interview de Ludovic par Etadam en aout 2020.&#8212; Com\u00e9dien, p\u00e9dagogue et sc\u00e9nographe Le th\u00e9\u00e2tre de Ludovic Privat est un th\u00e9\u00e2tre physique s\u2019inspirant des formes populaires mais \u00e9galement des th\u00e9\u00e2tres asiatiques. Ses influences contemporaines vont&hellip;&nbsp;<a href=\"https:\/\/www.etadam-pessac.fr\/?page_id=201\" class=\"more-link\">Lire la suite<\/a><\/p>\n","protected":false},"author":1,"featured_media":0,"parent":117,"menu_order":1,"comment_status":"closed","ping_status":"closed","template":"","meta":{"ngg_post_thumbnail":0,"footnotes":""},"class_list":["post-201","page","type-page","status-publish","hentry"],"_links":{"self":[{"href":"https:\/\/www.etadam-pessac.fr\/index.php?rest_route=\/wp\/v2\/pages\/201","targetHints":{"allow":["GET"]}}],"collection":[{"href":"https:\/\/www.etadam-pessac.fr\/index.php?rest_route=\/wp\/v2\/pages"}],"about":[{"href":"https:\/\/www.etadam-pessac.fr\/index.php?rest_route=\/wp\/v2\/types\/page"}],"author":[{"embeddable":true,"href":"https:\/\/www.etadam-pessac.fr\/index.php?rest_route=\/wp\/v2\/users\/1"}],"replies":[{"embeddable":true,"href":"https:\/\/www.etadam-pessac.fr\/index.php?rest_route=%2Fwp%2Fv2%2Fcomments&post=201"}],"version-history":[{"count":1,"href":"https:\/\/www.etadam-pessac.fr\/index.php?rest_route=\/wp\/v2\/pages\/201\/revisions"}],"predecessor-version":[{"id":1422,"href":"https:\/\/www.etadam-pessac.fr\/index.php?rest_route=\/wp\/v2\/pages\/201\/revisions\/1422"}],"up":[{"embeddable":true,"href":"https:\/\/www.etadam-pessac.fr\/index.php?rest_route=\/wp\/v2\/pages\/117"}],"wp:attachment":[{"href":"https:\/\/www.etadam-pessac.fr\/index.php?rest_route=%2Fwp%2Fv2%2Fmedia&parent=201"}],"curies":[{"name":"wp","href":"https:\/\/api.w.org\/{rel}","templated":true}]}}